{"id":13185,"date":"2024-07-23T15:58:42","date_gmt":"2024-07-23T13:58:42","guid":{"rendered":"http:\/\/projekt2.seppi.com.dd48310.kasserver.com\/dsgvo\/"},"modified":"2026-04-16T00:08:39","modified_gmt":"2026-04-15T22:08:39","slug":"dsgvo","status":"publish","type":"page","link":"https:\/\/www.seppi.com\/es\/dsgvo\/","title":{"rendered":"Privacy"},"content":{"rendered":"<h1>POL\u00cdTICA DE PRIVACIDAD<\/h1>\n<p>La presente pol\u00edtica de privacidad se dirige, de conformidad con el Reglamento (UE) 2016\/679 del Parlamento Europeo y del Consejo del 27.04.2016 (Reglamento general de protecci\u00f3n de datos &#8211; GDPR), a todas las personas que utilizan esta p\u00e1gina web.<\/p>\n<p>La presente pol\u00edtica es v\u00e1lida \u00fanicamente en relaci\u00f3n con esta p\u00e1gina web y no para otras p\u00e1ginas a las que el usuario pueda acceder mediante un enlace de hipertexto.<\/p>\n<p>El gestor de esta p\u00e1gina web garantiza, en los t\u00e9rminos de la ley, que el tratamiento de los datos personales se realiza respetando los derechos, las libertades fundamentales y la dignidad del interesado, con especial referencia a la confidencialidad, la identidad personal y la protecci\u00f3n de los datos personales.<\/p>\n<h2>1. Nombre y direcci\u00f3n del responsable del tratamiento y del delegado de protecci\u00f3n de datos<\/h2>\n<h3>Responsable del tratamiento seg\u00fan el GDPR:<\/h3>\n<div class=\"eingabedaten clearfix\">\n<p>&nbsp;<\/p>\n<p>&nbsp;<\/p>\n<p>&nbsp;<\/p>\n<p>&nbsp;<\/p>\n<p>&nbsp;<\/p>\n<\/div>\n<h2>3. Alcance y base jur\u00eddica del tratamiento de datos personales<\/h2>\n<p>Recopilamos y utilizamos los datos personales de nuestros usuarios, por lo general, solo en la medida en que sea necesario para proporcionar un sitio web funcional y para ofrecer nuestros contenidos y servicios. Por regla general, los datos personales se tratan exclusivamente con el consentimiento previo del usuario. Se except\u00faan los casos en los que no sea posible obtener el consentimiento previo por motivos objetivos y el tratamiento de los datos est\u00e9 permitido y\/o previsto por la ley.<\/p>\n<p>La base jur\u00eddica para el tratamiento de los datos personales es el art. 6 del GDPR y, en su caso, acuerdos contractuales espec\u00edficos con el usuario y las obligaciones correspondientes.<\/p>\n<h2>4. Eliminaci\u00f3n de datos y per\u00edodo de conservaci\u00f3n<\/h2>\n<p>Salvo que se indique lo contrario, los datos personales se almacenan \u00fanicamente durante el tiempo necesario para alcanzar los fines perseguidos.<\/p>\n<p>En algunos casos, la ley prev\u00e9 la conservaci\u00f3n de datos personales. En tales casos, los datos ser\u00e1n conservados por nosotros \u00fanicamente para dichos fines legales y no ser\u00e1n tratados de otro modo, y ser\u00e1n eliminados una vez finalizado el per\u00edodo legal de conservaci\u00f3n.<\/p>\n<h2>5. Finalidades generales del tratamiento<\/h2>\n<p>Utilizamos los datos personales para el funcionamiento de este sitio web, as\u00ed como para los fines que se enumeran a continuaci\u00f3n de forma individual.<\/p>\n<h2>6. Qu\u00e9 datos utilizamos y por qu\u00e9<\/h2>\n<h3>Datos de acceso\/archivos de registro del servidor<\/h3>\n<p>Cuando utiliza este sitio web, se recopila autom\u00e1ticamente informaci\u00f3n sobre su modo de uso y su interacci\u00f3n con el sitio, as\u00ed como datos relativos a su ordenador o dispositivo m\u00f3vil (los denominados archivos de registro del servidor). Estos datos incluyen:<\/p>\n<ul>\n<li>Nombre y URL del sitio web visitado<\/li>\n<li>Fecha y hora de acceso al sitio<\/li>\n<li>Tipo y versi\u00f3n del navegador<\/li>\n<li>Sistema operativo<\/li>\n<li>URL de referencia (es decir, la p\u00e1gina visitada anteriormente)<\/li>\n<li>Direcci\u00f3n IP del cliente\/usuario<\/li>\n<\/ul>\n<p>Todos los archivos de registro mencionados anteriormente se eliminan autom\u00e1ticamente de nuestro servidor despu\u00e9s de 365 d\u00edas. Durante este per\u00edodo, la direcci\u00f3n IP del usuario se almacena \u00fanicamente de forma parcialmente anonimizada. La recopilaci\u00f3n de datos para proporcionar el sitio web y su almacenamiento en archivos de registro es absolutamente necesaria para el funcionamiento del propio sitio web. Utilizamos estos datos de registro sin referencia a su persona ni creaci\u00f3n adicional de perfiles, con fines de an\u00e1lisis estad\u00edstico relacionados con el funcionamiento, la seguridad y la optimizaci\u00f3n de nuestro sitio web, as\u00ed como para el registro an\u00f3nimo del n\u00famero de visitantes de nuestro sitio web (tr\u00e1fico) y del volumen y la naturaleza del uso de nuestro sitio web y de nuestros servicios, y con fines de facturaci\u00f3n, para medir el n\u00famero de clics recibidos por nuestros socios. Con base en esta informaci\u00f3n, podemos ofrecer contenidos personalizados y basados en la ubicaci\u00f3n, analizar el tr\u00e1fico, resolver problemas, corregir errores y mejorar nuestros servicios.<\/p>\n<p>En ello consiste nuestro inter\u00e9s leg\u00edtimo en el tratamiento de datos personales conforme al art. 6 apdo. 1 letra f) del GDPR.<\/p>\n<p>Adem\u00e1s, el gestor del sitio web registra por razones administrativas las direcciones IP completas de los accesos, con el fin, entre otros, de detectar ciberataques y defenderse de ellos. Estos datos se eliminar\u00e1n como m\u00e1ximo siete d\u00edas despu\u00e9s de su recopilaci\u00f3n.<\/p>\n<h3>Cookies<\/h3>\n<p>Nuestro sitio web utiliza cookies. Las cookies son archivos de texto que se almacenan en el navegador de Internet o por el navegador de Internet en el dispositivo del usuario. Si un usuario visita nuestro sitio web, una cookie puede almacenarse en el sistema operativo del propio usuario. Las cookies contienen una cadena caracter\u00edstica que permite identificar de forma \u00fanica el navegador cuando se vuelve a visitar el mismo sitio web.<\/p>\n<p>Nuestro inter\u00e9s leg\u00edtimo en el uso de cookies, conforme al art. 6 apdo. 1 letra f) del GDPR, consiste en hacer el sitio web m\u00e1s f\u00e1cil de usar, eficaz y seguro.<\/p>\n<p>Dado que las cookies se almacenan directamente en su ordenador, usted, como usuario, tiene pleno control sobre el uso de las cookies. Modificando la configuraci\u00f3n del navegador de Internet, es posible desactivar o limitar la transmisi\u00f3n de cookies. Las cookies ya guardadas pueden eliminarse en cualquier momento. Esto tambi\u00e9n puede hacerse autom\u00e1ticamente. La desactivaci\u00f3n de cookies para nuestro sitio web puede, sin embargo, limitar el uso de las funciones correspondientes.<\/p>\n<p>M\u00e1s informaci\u00f3n sobre el uso, la gesti\u00f3n y la eliminaci\u00f3n de cookies est\u00e1 disponible en el siguiente enlace: <a href=\"https:\/\/www.effekt.it\/analytics\/cookie_info_it.php\" target=\"_blank\" rel=\"noopener\">[Haga clic aqu\u00ed]<\/a><\/p>\n<h3>Google Analytics<\/h3>\n<p>Este sitio utiliza Google Analytics, un servicio de an\u00e1lisis web de Google Inc. (\u00abGoogle\u00bb). Google Analytics utiliza cookies que se almacenan en su ordenador y que permiten analizar el comportamiento de los usuarios. La informaci\u00f3n generada por las cookies a trav\u00e9s del uso de este sitio web por parte de los usuarios se env\u00eda normalmente a un servidor de Google en los Estados Unidos y se almacena all\u00ed.<\/p>\n<p>Seg\u00fan lo declarado por la propia empresa, Google se ha adherido al acuerdo Privacy Shield celebrado entre la Uni\u00f3n Europea y los Estados Unidos y ha obtenido la certificaci\u00f3n correspondiente. De este modo, Google se compromete a respetar las normas y disposiciones del derecho europeo en materia de privacidad. Puede encontrar m\u00e1s informaci\u00f3n en el siguiente enlace: <a href=\"https:\/\/www.privacyshield.gov\/participant?id=a2zt000000001L5AAI&amp;status=Active\" target=\"_blank\" rel=\"noopener\">[Haga clic aqu\u00ed]<\/a><\/p>\n<p>En este sitio web hemos activado la anonimizaci\u00f3n de IP (anonymizeIp). Como resultado, su direcci\u00f3n IP ser\u00e1 acortada por Google dentro de los Estados miembros de la Uni\u00f3n Europea u otros Estados parte del acuerdo sobre el Espacio Econ\u00f3mico Europeo. Solo en casos excepcionales, la direcci\u00f3n IP se transmite completa a un servidor de Google en Estados Unidos y se acorta all\u00ed.<\/p>\n<p>Usted puede impedir el almacenamiento de cookies mediante la correspondiente configuraci\u00f3n de su software de navegaci\u00f3n; sin embargo, le indicamos que en este caso podr\u00eda no ser posible utilizar plenamente todas las funciones de este sitio.<\/p>\n<p>M\u00e1s informaci\u00f3n sobre el uso, la gesti\u00f3n y la eliminaci\u00f3n de cookies est\u00e1 disponible en el siguiente enlace: <a href=\"https:\/\/www.effekt.it\/analytics\/cookie_info_it.php\" target=\"_blank\" rel=\"noopener\">[Haga clic aqu\u00ed]<\/a><\/p>\n<p>Tambi\u00e9n puede impedir la transmisi\u00f3n a Google de los datos generados por las cookies y relacionados con su uso del sitio (incluida su direcci\u00f3n IP), as\u00ed como el procesamiento de dichos datos por parte de Google, descargando e instalando el complemento para el navegador disponible en el siguiente enlace: <a href=\"http:\/\/tools.google.com\/dlpage\/gaoptout?hl=it\" target=\"_blank\" rel=\"noopener\">[Haga clic aqu\u00ed]<\/a><\/p>\n<p>Como alternativa al complemento del navegador o en navegadores en dispositivos m\u00f3viles, puede hacer clic en el siguiente enlace para establecer una cookie de exclusi\u00f3n (Opt-Out-Cookie), con el fin de impedir la recopilaci\u00f3n futura de datos por parte de Google Analytics dentro de este sitio web (esta cookie de exclusi\u00f3n solo funciona en este navegador y solo para este dominio. En caso de eliminar las cookies de su navegador, deber\u00e1 hacer clic nuevamente en el siguiente enlace): <a href=\"https:\/\/www.effekt.it\/analytics\/cookie_info_it.php\" target=\"_blank\" rel=\"noopener\">[Haga clic aqu\u00ed]<\/a><\/p>\n<h3>Google Web Fonts<\/h3>\n<p>Para la representaci\u00f3n uniforme de las tipograf\u00edas, este sitio utiliza los llamados Web Fonts, proporcionados por Google. Al utilizar este sitio, su navegador carga los Web Fonts necesarios en su cach\u00e9 para mostrar correctamente los textos y las fuentes.<\/p>\n<p>Para ello, el navegador que utiliza debe conectarse a los servidores de Google. De este modo, Google tiene conocimiento de que el acceso a nuestro sitio web se realiza a trav\u00e9s de su direcci\u00f3n IP. El uso de Google Web Fonts se realiza en inter\u00e9s de una presentaci\u00f3n uniforme y atractiva de nuestras ofertas en l\u00ednea. Esto constituye tambi\u00e9n nuestro inter\u00e9s leg\u00edtimo seg\u00fan el art\u00edculo 6 apdo. 1 letra f) del GDPR.<\/p>\n<p>Si su navegador no admite Web Fonts, su ordenador utilizar\u00e1 una fuente est\u00e1ndar.<\/p>\n<p>M\u00e1s informaci\u00f3n sobre Google Web Fonts est\u00e1 disponible en <a href=\"https:\/\/developers.google.com\/fonts\/faq\" target=\"_blank\" rel=\"noopener\">Google Fonts FAQ<\/a> y en la pol\u00edtica de privacidad de Google: <a href=\"https:\/\/policies.google.com\/privacy?hl=it\" target=\"_blank\" rel=\"noopener\">Google Privacy<\/a>.<\/p>\n<h2>7. Sus derechos como interesado en el tratamiento de datos<\/h2>\n<p>En caso de tratamiento de sus datos personales, usted tiene la condici\u00f3n de \u00abinteresado\u00bb seg\u00fan el GDPR y dispone de los siguientes derechos frente al responsable del tratamiento:<\/p>\n<ol>\n<li>derecho de confirmaci\u00f3n y acceso<\/li>\n<li>derecho de rectificaci\u00f3n<\/li>\n<li>derecho de supresi\u00f3n (\u00abderecho al olvido\u00bb)<\/li>\n<li>derecho a la limitaci\u00f3n del tratamiento<\/li>\n<li>derecho de notificaci\u00f3n<\/li>\n<li>derecho a la portabilidad de los datos<\/li>\n<li>derecho de oposici\u00f3n<\/li>\n<li>derecho a no ser objeto de decisiones automatizadas, incluida la elaboraci\u00f3n de perfiles<\/li>\n<li>derecho a retirar el consentimiento para el tratamiento de datos<\/li>\n<li>derecho a presentar una reclamaci\u00f3n ante la autoridad de control<\/li>\n<\/ol>\n<p>Puede encontrar informaci\u00f3n detallada sobre cada derecho en el siguiente enlace: <a href=\"https:\/\/www.effekt.it\/rechte\/rechte_info_it.php\" target=\"_blank\" rel=\"noopener\">[Haga clic aqu\u00ed]<\/a><\/p>\n<h2>8. Seguridad de los datos<\/h2>\n<p>Nos comprometemos a garantizar la seguridad de sus datos de conformidad con las leyes vigentes en materia de protecci\u00f3n de datos personales y con las capacidades t\u00e9cnicas.<\/p>\n<p>Sus datos personales se transmiten normalmente de forma cifrada. Esto se aplica en particular a sus pedidos y al inicio de sesi\u00f3n del cliente. Una conexi\u00f3n cifrada se reconoce porque la barra de direcciones del navegador cambia de \u00abhttp:\/\/\u00bb a \u00abhttps:\/\/\u00bb y por el s\u00edmbolo del candado en la barra del navegador. Utilizamos el sistema de cifrado SSL (Secure Socket Layer), pero se\u00f1alamos que la transmisi\u00f3n de datos a trav\u00e9s de Internet (por ejemplo, la comunicaci\u00f3n por correo electr\u00f3nico) puede presentar lagunas de seguridad. No es posible garantizar una protecci\u00f3n absoluta de los datos frente al acceso de terceros.<\/p>\n<p>Para proteger sus datos, aplicamos las medidas de seguridad t\u00e9cnicas y organizativas previstas en el art. 32 del GDPR, que actualizamos constantemente conforme al estado de la t\u00e9cnica.<\/p>\n<p>Adem\u00e1s, no garantizamos que nuestra oferta est\u00e9 disponible en todo momento, ya que no pueden excluirse defectos, interrupciones o fallos. Los servidores que utilizamos est\u00e1n protegidos de forma regular y cuidadosa.<\/p>\n<h2>9. Comunicaci\u00f3n de datos a terceros<\/h2>\n<p>Por lo general, utilizamos sus datos personales \u00fanicamente dentro de nuestra empresa. No obstante, no podemos excluir la posibilidad de que, en caso de transmisi\u00f3n de datos a terceros, estos sean transferidos a otro pa\u00eds de la UE o fuera de la UE o a una Organizaci\u00f3n Internacional, si ello es conforme con la finalidad del tratamiento de los datos.<\/p>\n<p>Si y en la medida en que involucramos a terceros en la ejecuci\u00f3n de contratos (por ejemplo, proveedores de servicios log\u00edsticos), estos reciben datos personales \u00fanicamente en la medida necesaria para la prestaci\u00f3n del servicio correspondiente.<\/p>\n<p>En caso de que externalicemos partes del tratamiento de datos (\u00abtratamiento de datos por terceros\u00bb), obligamos contractualmente a los encargados a utilizar los datos personales \u00fanicamente de conformidad con los requisitos legales en materia de protecci\u00f3n de datos y a garantizar la protecci\u00f3n de los derechos del interesado.<\/p>\n<h2>10. Informaci\u00f3n adicional<\/h2>\n<div class=\"eingabedaten clearfix\">\n<p>En caso de preguntas o dudas sobre la protecci\u00f3n de datos, p\u00f3ngase en contacto con nuestro responsable del tratamiento\/delegado de protecci\u00f3n de datos.<\/p>\n<\/div>\n<p>Informaci\u00f3n adicional:<\/p>\n<p><a href=\"http:\/\/www.garanteprivacy.it\/regolamentoue\" target=\"_blank\" rel=\"noopener\">GDPR &#8211; Reglamento 2016\/679<\/a><\/p>\n<p><a href=\"https:\/\/ec.europa.eu\/info\/law\/law-topic\/data-protection\/data-protection-eu_it\" target=\"_blank\" rel=\"noopener\">Protecci\u00f3n de datos en la UE<\/a><\/p>\n","protected":false},"excerpt":{"rendered":"<p>POL\u00cdTICA DE PRIVACIDAD La presente pol\u00edtica de privacidad se dirige, de conformidad con el Reglamento (UE) 2016\/679 del Parlamento Europeo y del Consejo del 27.04.2016 (Reglamento general de protecci\u00f3n de datos &#8211; GDPR), a todas las personas que utilizan esta p\u00e1gina web. La presente pol\u00edtica es v\u00e1lida \u00fanicamente en relaci\u00f3n con esta p\u00e1gina web y [&hellip;]<\/p>\n","protected":false},"author":1,"featured_media":0,"parent":0,"menu_order":100,"comment_status":"closed","ping_status":"closed","template":"template-dsgvo.php","meta":{"_acf_changed":false,"inline_featured_image":false,"footnotes":""},"class_list":["post-13185","page","type-page","status-publish","hentry"],"acf":[],"_links":{"self":[{"href":"https:\/\/www.seppi.com\/es\/wp-json\/wp\/v2\/pages\/13185","targetHints":{"allow":["GET"]}}],"collection":[{"href":"https:\/\/www.seppi.com\/es\/wp-json\/wp\/v2\/pages"}],"about":[{"href":"https:\/\/www.seppi.com\/es\/wp-json\/wp\/v2\/types\/page"}],"author":[{"embeddable":true,"href":"https:\/\/www.seppi.com\/es\/wp-json\/wp\/v2\/users\/1"}],"replies":[{"embeddable":true,"href":"https:\/\/www.seppi.com\/es\/wp-json\/wp\/v2\/comments?post=13185"}],"version-history":[{"count":3,"href":"https:\/\/www.seppi.com\/es\/wp-json\/wp\/v2\/pages\/13185\/revisions"}],"predecessor-version":[{"id":19622,"href":"https:\/\/www.seppi.com\/es\/wp-json\/wp\/v2\/pages\/13185\/revisions\/19622"}],"wp:attachment":[{"href":"https:\/\/www.seppi.com\/es\/wp-json\/wp\/v2\/media?parent=13185"}],"curies":[{"name":"wp","href":"https:\/\/api.w.org\/{rel}","templated":true}]}}